{"id":15763,"date":"2024-12-03T11:16:54","date_gmt":"2024-12-03T10:16:54","guid":{"rendered":"https:\/\/sct.webs.upv.es\/?post_type=tribe_events&#038;p=15763"},"modified":"2024-12-16T11:15:23","modified_gmt":"2024-12-16T10:15:23","slug":"miercoles-22-de-enero-de-2025-talleres-quimica-sjc","status":"publish","type":"tribe_events","link":"https:\/\/sct.webs.upv.es\/ca\/event\/miercoles-22-de-enero-de-2025-talleres-quimica-sjc\/","title":{"rendered":"Mi\u00e9rcoles 22 de enero de 2025 &#8211; Talleres Qu\u00edmica SJC"},"content":{"rendered":"<p style=\"text-align: center;\"><strong><a href=\"https:\/\/sct.webs.upv.es\/ca\/event\/talleres-de-quimica-semana-joven-de-la-ciencia-2024-25\/\">Talleres Qu\u00edmica<\/a>\u00a0\u2013\u00a0<a href=\"https:\/\/sct.webs.upv.es\/ca\/event\/talleres-semana-joven-de-la-ciencia-2024-25\/\">Setmana Jove de la Ci\u00e8ncia<\/a><\/strong><\/p>\n<hr \/>\n<h6 style=\"text-align: center;\">GENER<\/h6>\n<table dir=\"ltr\" border=\"1\" cellspacing=\"0\" cellpadding=\"0\">\n<colgroup>\n<col width=\"100\" \/>\n<col width=\"100\" \/>\n<col width=\"100\" \/>\n<col width=\"100\" \/>\n<col width=\"100\" \/><\/colgroup>\n<tbody>\n<tr>\n<td data-sheets-value=\"{&quot;1&quot;:2,&quot;2&quot;:&quot;Lunes 7&quot;}\"><a href=\"https:\/\/sct.webs.upv.es\/ca\/event\/lunes-20-de-enero-de-2025-talleres-quimica-sjc\/\"><span style=\"color: #fff;\">Dilluns 20<\/span><\/a><\/td>\n<td data-sheets-value=\"{&quot;1&quot;:2,&quot;2&quot;:&quot;Martes 8&quot;}\"><a href=\"https:\/\/sct.webs.upv.es\/ca\/event\/martes-21-de-enero-de-2025-talleres-quimica-sjc\/\"><span style=\"color: #fff;\">Dimarts 21<\/span><\/a><\/td>\n<td style=\"background: #f3df4d;\" data-sheets-value=\"{&quot;1&quot;:2,&quot;2&quot;:&quot;Mi\u00e9rcoles 9&quot;}\"><a href=\"https:\/\/sct.webs.upv.es\/ca\/event\/miercoles-22-de-enero-de-2025-talleres-quimica-sjc\/\"><span style=\"color: #3c3c3b;\"><strong>Dimecres 22<\/strong><\/span><\/a><\/td>\n<td data-sheets-value=\"{&quot;1&quot;:2,&quot;2&quot;:&quot;Jueves 10&quot;}\"><a href=\"https:\/\/sct.webs.upv.es\/ca\/event\/jueves-23-de-enero-de-2025-talleres-quimica-sjc\/\"><span style=\"color: #fff;\">Dijous 23<\/span><\/a><\/td>\n<td data-sheets-value=\"{&quot;1&quot;:2,&quot;2&quot;:&quot;Viernes 11&quot;}\"><a href=\"https:\/\/sct.webs.upv.es\/ca\/event\/viernes-24-de-enero-de-2025-talleres-quimica-sjc\/\"><span style=\"color: #fff;\">Divendres 24<\/span><\/a><\/td>\n<\/tr>\n<\/tbody>\n<\/table>\n<hr \/>\n<p>S'haur\u00e0 de fer <strong>una sol\u00b7licitud per classe <\/strong>(Les classes tindran un m\u00e0xim de 25 alumnes)<br \/>\nCada clase realizar\u00e1 los <strong>3 talleres<\/strong> del itinerario A durante la ma\u00f1ana.<\/p>\n<p><strong>Tallers:<\/strong><\/p>\n<ul>\n<li>Qu\u00edmica del color<\/li>\n<li>Tractament d'aig\u00fces residuals urbanes<\/li>\n<li>Interactua amb la qu\u00edmica<\/li>\n<\/ul>\n<h6><strong>A continuaci\u00f3, introdueix les teves dades i registra't per acudir a l'esdeveniment<\/strong><\/h6>\n<p>Emplena el seg\u00fcent formulari per inscriure't a les activitats dels tallers de la Setmana Jove de la Ci\u00e8ncia<\/p>","protected":false},"excerpt":{"rendered":"<p>Talleres Qu\u00edmica\u00a0\u2013\u00a0Semana Joven de la Ciencia ENERO Lunes 20 Martes 21 Mi\u00e9rcoles 22 Jueves 23 Viernes 24 Se deber\u00e1 realizar una solicitud por clase (Las clases tendr\u00e1n un m\u00e1ximo de [&hellip;]<\/p>\n","protected":false},"author":3,"featured_media":0,"template":"","meta":{"_acf_changed":false,"inline_featured_image":false,"_price":"","_stock":"","_tribe_ticket_header":"","_tribe_default_ticket_provider":"","_tribe_ticket_capacity":"0","_ticket_start_date":"","_ticket_end_date":"","_tribe_ticket_show_description":"","_tribe_ticket_show_not_going":false,"_tribe_ticket_use_global_stock":"","_tribe_ticket_global_stock_level":"","_global_stock_mode":"","_global_stock_cap":"","_tribe_rsvp_for_event":"","_tribe_ticket_going_count":"","_tribe_ticket_not_going_count":"","_tribe_tickets_list":"[]","_tribe_ticket_has_attendee_info_fields":false,"_tribe_events_status":"","_tribe_events_status_reason":"","footnotes":"","_tec_slr_enabled":"","_tec_slr_layout":""},"tags":[],"tribe_events_cat":[118,119],"class_list":["post-15763","tribe_events","type-tribe_events","status-publish","hentry","tribe_events_cat-jovenes-conciencia-24-25","tribe_events_cat-taller-24-25","cat_jovenes-conciencia-24-25","cat_taller-24-25"],"acf":[],"ticketed":false,"_links":{"self":[{"href":"https:\/\/sct.webs.upv.es\/ca\/wp-json\/wp\/v2\/tribe_events\/15763","targetHints":{"allow":["GET"]}}],"collection":[{"href":"https:\/\/sct.webs.upv.es\/ca\/wp-json\/wp\/v2\/tribe_events"}],"about":[{"href":"https:\/\/sct.webs.upv.es\/ca\/wp-json\/wp\/v2\/types\/tribe_events"}],"author":[{"embeddable":true,"href":"https:\/\/sct.webs.upv.es\/ca\/wp-json\/wp\/v2\/users\/3"}],"version-history":[{"count":3,"href":"https:\/\/sct.webs.upv.es\/ca\/wp-json\/wp\/v2\/tribe_events\/15763\/revisions"}],"predecessor-version":[{"id":15775,"href":"https:\/\/sct.webs.upv.es\/ca\/wp-json\/wp\/v2\/tribe_events\/15763\/revisions\/15775"}],"wp:attachment":[{"href":"https:\/\/sct.webs.upv.es\/ca\/wp-json\/wp\/v2\/media?parent=15763"}],"wp:term":[{"taxonomy":"post_tag","embeddable":true,"href":"https:\/\/sct.webs.upv.es\/ca\/wp-json\/wp\/v2\/tags?post=15763"},{"taxonomy":"tribe_events_cat","embeddable":true,"href":"https:\/\/sct.webs.upv.es\/ca\/wp-json\/wp\/v2\/tribe_events_cat?post=15763"}],"curies":[{"name":"wp","href":"https:\/\/api.w.org\/{rel}","templated":true}]}}