{"id":14520,"date":"2023-05-17T12:31:50","date_gmt":"2023-05-17T10:31:50","guid":{"rendered":"https:\/\/sct.webs.upv.es\/?post_type=tribe_events&#038;p=14520"},"modified":"2023-10-19T15:27:33","modified_gmt":"2023-10-19T13:27:33","slug":"cafes-conciencia-2022-23","status":"publish","type":"tribe_events","link":"https:\/\/sct.webs.upv.es\/ca\/event\/cafes-conciencia-2022-23\/","title":{"rendered":"Caf\u00e8s Amb Ci\u00e8ncia"},"content":{"rendered":"<h1><strong>I TU, T'HO CREUS?<\/strong><\/h1>\n<p>Una de les conseq\u00fc\u00e8ncies de les xarxes socials ha sigut la proliferaci\u00f3 de les anomenades \u201cfake news\u201d que afecten tamb\u00e9 la ci\u00e8ncia. Han augmentant els casos dels malament anomenats esc\u00e8ptics que pensen que hi ha una s\u00e8rie de conspiracions d'una elit que vol dominar el m\u00f3n i que ens amaguen la veritat. Que si la Terra \u00e9s plana, que si ens estan fumigant, que si ens han modificat gen\u00e8ticament amb la vacuna, que si el canvi clim\u00e0tic \u00e9s mentida, que si no vam ser a la Lluna... Einstein deia que nom\u00e9s hi ha dues coses infinites: l'univers i l'estupidesa humana i que no estava molt segur de la primera. En el mon\u00f2leg farem un rep\u00e0s d\u2019algunes d'aquestes creences molt esteses. Perqu\u00e8... I tu, t'ho creus?<\/p>\n<blockquote>\n<h4>JOSE RAFAEL CANTO DOMENECH<\/h4>\n<p><img decoding=\"async\" class=\"size-full wp-image-14528 alignleft\" src=\"https:\/\/sct.webs.upv.es\/wp-content\/uploads\/2023\/05\/489167-josecantodomenech.jpg\" alt=\"\" width=\"140\" height=\"200\" srcset=\"https:\/\/sct.webs.upv.es\/wp-content\/uploads\/2023\/05\/489167-josecantodomenech.jpg 140w, https:\/\/sct.webs.upv.es\/wp-content\/uploads\/2023\/05\/489167-josecantodomenech-8x12.jpg 8w\" sizes=\"(max-width: 140px) 100vw, 140px\" \/>Doctor en F\u00edsica por la Universidad Polit\u00e9cnica de Valencia y Doctor en Did\u00e1ctica de las Ciencias por la Universidad de Murcia.\u00a0 Divulgador cient\u00edfico y director-presentador desde 2011 del programa mensual &#8220;De Ci\u00e8ncia Certa&#8221; de Radio Alcoy Cadena SER. Ha realizado distintas conferencias y cursos de divulgaci\u00f3n cient\u00edfica sobre las pseudociencias. En el \u00e1mbito de gesti\u00f3n es desde 2015 Jefe de Iniciativas del Vicerrectorado de Proyecci\u00f3n Territorial y Sociedad de la UV en su Campus de Ontinyent, siendo adem\u00e1s, desde 2016, Director de Servicio de dicho Campus.<\/p><\/blockquote>\n<p>&nbsp;<\/p>\n<h1>SHOW<strong> ME THE MONEY!!<\/strong><\/h1>\n<p>Per qu\u00e8 els fons d'inversi\u00f3 quan \u201cvan al mercat\u201d tornen amb menys diners que els que van portar? Com \u00e9s possible que estant en un mercat alcista, els fons d'inversi\u00f3 no siguen capa\u00e7os de donar beneficis? No tenen remei! Ha de ser que s'han passat tant de temps analitzant i estudiant les tend\u00e8ncies del mercat, que se'ls ha oblidat el m\u00e9s important: fluir relaxadament! La millor inversi\u00f3 \u00e9s la que et permet dormir tranquil i et fa feli\u00e7\u2026 amb els diners que et sobren despr\u00e9s d'anar tu mateix al mercat a comprar all\u00f2 que necessites i que s\u00e0pies que no et decebr\u00e0. No deixes que els fons vagen al mercat, ves tu.<\/p>\n<p>&nbsp;<\/p>\n<blockquote>\n<h4>DAVID PLA SANTAMAR\u00cdA<\/h4>\n<p><img decoding=\"async\" class=\"wp-image-14529 size-thumbnail alignleft\" src=\"https:\/\/sct.webs.upv.es\/wp-content\/uploads\/2023\/05\/David_Pla-150x150.jpeg\" alt=\"\" width=\"150\" height=\"150\" \/>Professor titular de la Universitat Polit\u00e8cnica de Val\u00e8ncia, especialitzat en finances, en concret en selecci\u00f3 d'inversions. A m\u00e9s de la labor docent en la formaci\u00f3 reglada, dins de l'\u00e0rea de finances, desenvolupa treballs de recerca en selecci\u00f3 de carteres per a fons d'inversi\u00f3. Tamb\u00e9 dirigeix diversos cursos en l\u00ednia en l'\u00e0rea de finances. A m\u00e9s, \u00e9s el responsable de l'organitzaci\u00f3 de TEDxAlcoi<\/p><\/blockquote>\n<p>&nbsp;<\/p>\n<h1>CI\u00c8NCIA<strong> MUNDANA<\/strong><\/h1>\n<p>A\u00e7\u00f2 va de trencar els t\u00f2pics i sobretot el de la figura de la cient\u00edfica avorrida, friki, estranya o estrafol\u00e0ria que no tracta coses d'actualitat i que no \u00e9s veritat. M\u00e9s que res perqu\u00e8\u2026 la ci\u00e8ncia est\u00e0 a tot arreu!<\/p>\n<p>Us explicarem com la ci\u00e8ncia ha canviat les nostres vides i com la vida ha canviat la nostra manera de veure la ci\u00e8ncia, t'imagines que la teua mare haguera sigut neurocient\u00edfica o experta en dolor? Un matem\u00e0tic ent\u00e9n de la mateixa forma els programes de centrifugat de la llavadora que un bi\u00f2leg? Balla de la mateixa manera una bioqu\u00edmica molecular que una pianista? Cada quant li pren la temperatura a un xiquet amb febre un meteor\u00f2leg? Per qu\u00e8 la major part d\u2019anatomopat\u00f2legs s\u00f3n fot\u00f2grafs? Compra de la mateixa manera a la carnisseria una metgessa forense que una arque\u00f2loga? Possiblement no us heu fet cap d'aquestes preguntes per\u00f2 si veniu, les intentarem resoldre junts o almenys, passarem una bona estona.<\/p>\n<blockquote>\n<h4><strong>Dra. MARIOLA PENAD\u00c9S FONS<\/strong><\/h4>\n<p><img decoding=\"async\" class=\"alignleft wp-image-14580\" src=\"https:\/\/sct.webs.upv.es\/wp-content\/uploads\/2023\/05\/Mariola-Penades-3-150x150.jpg\" alt=\"\" width=\"149\" height=\"184\" srcset=\"https:\/\/sct.webs.upv.es\/wp-content\/uploads\/2023\/05\/Mariola-Penades-3-242x300.jpg 242w, https:\/\/sct.webs.upv.es\/wp-content\/uploads\/2023\/05\/Mariola-Penades-3-10x12.jpg 10w, https:\/\/sct.webs.upv.es\/wp-content\/uploads\/2023\/05\/Mariola-Penades-3.jpg 617w\" sizes=\"(max-width: 149px) 100vw, 149px\" \/>Veterin\u00e0ria i neurocient\u00edfica.\nActualment treballa com a investigadora biom\u00e8dica i com a docent universit\u00e0ria en diverses institucions, com la universitat CEU Cardenal Herrera de Val\u00e8ncia, la Universitat Kings College (Londres) i la Universitat Johns Hopkins (els EUA).<\/p>\n<h4><strong>Dra. ANA PEIR\u00d3<\/strong><\/h4>\n<p><img loading=\"lazy\" decoding=\"async\" class=\"alignleft wp-image-14531\" src=\"https:\/\/sct.webs.upv.es\/wp-content\/uploads\/2023\/05\/ana-peiro-150x150.png\" alt=\"\" width=\"184\" height=\"184\" srcset=\"https:\/\/sct.webs.upv.es\/wp-content\/uploads\/2023\/05\/ana-peiro-150x150.png 150w, https:\/\/sct.webs.upv.es\/wp-content\/uploads\/2023\/05\/ana-peiro-12x12.png 12w, https:\/\/sct.webs.upv.es\/wp-content\/uploads\/2023\/05\/ana-peiro.png 301w\" sizes=\"(max-width: 184px) 100vw, 184px\" \/>Metgessa-farmac\u00f2loga cl\u00ednica. At\u00e9n pacients amb dolor a l'Hospital General d'Alacant, i \u00e9s professora titular i investigadora biom\u00e8dica adscrita a l'Institut de Bioenginyeria de la Universitat Miguel Hern\u00e1ndez.<\/p>\n<p>Ambdues comparteixen una elevada passi\u00f3 i comprom\u00eds per la divulgaci\u00f3 cient\u00edfica, i juntes funden \u201cCi\u00e8ncia a escena\u201d. Divulguen en formats i en tipus de llocs molt diferents (congressos, universitats, teatres, bars, places p\u00fabliques, col\u00b7legis\u2026 tot pot passar). Avui, venen a sumar el seu granet d'arena.<\/p><\/blockquote>\n<p>&nbsp;<\/p>\n<h1><strong>LA PAELLA FORA DE VAL\u00c8NCIA MAI SER\u00c0 LA PAELLA VALENCIANA<\/strong><\/h1>\n<p>En el seu \u00faltim llibre \u00abComemos lo que somos\u00bb, explica que l'alimentaci\u00f3, m\u00e9s enll\u00e0 de ser imprescindible per a la superviv\u00e8ncia, \u00e9s el reflex de la nostra hist\u00f2ria i cultura mil\u00b7len\u00e0ries, per la qual cosa cada plat amaga una tradici\u00f3 i cada sabor representa un moment \u00fanic de la humanitat. La nostra dieta com a col\u00b7lectiu \u00e9s el resultat de tot aix\u00f2, per aix\u00f2 \u00abComemos lo que somos\u00bb. Cada plat conta una hist\u00f2ria i, la paella valenciana, estrella culin\u00e0ria, nom\u00e9s es pot fer a Val\u00e8ncia.<\/p>\n<blockquote>\n<h4 style=\"text-align: left;\">JOS\u00c9 MIGUEL MULET<\/h4>\n<p style=\"text-align: left;\"><img loading=\"lazy\" decoding=\"async\" class=\"wp-image-14532 size-full alignleft\" src=\"https:\/\/sct.webs.upv.es\/wp-content\/uploads\/2023\/05\/mulet.jpg\" alt=\"\" width=\"238\" height=\"238\" srcset=\"https:\/\/sct.webs.upv.es\/wp-content\/uploads\/2023\/05\/mulet.jpg 238w, https:\/\/sct.webs.upv.es\/wp-content\/uploads\/2023\/05\/mulet-150x150.jpg 150w, https:\/\/sct.webs.upv.es\/wp-content\/uploads\/2023\/05\/mulet-12x12.jpg 12w\" sizes=\"(max-width: 238px) 100vw, 238px\" \/>Jos\u00e9 Miguel Mulet Salort\u00a0\u00e9s catedr\u00e0tic de Biotecnologia a la Universitat Polit\u00e8cnica de Val\u00e8ncia, director del M\u00e0ster de Biotecnologia Molecular i Cel\u00b7lular de Plantes (CSIC-UPV) i investigador en l'Institut de Biologia Molecular i Cel\u00b7lular de Plantes (IBMCP).<br \/>\nEn su faceta de divulgador cient\u00edfico ha publicado \u201cLos productos naturales \u00a1vaya timo!&#8221;, y en destino \u201cComer sin miedo\u201d (Premio Prismas 2014 al mejor libro de ciencia editado en Castellano), \u201cMedicina sin enga\u00f1os\u201d, \u201cLa Ciencia en la sobra\u201d , &#8220;Transg\u00e9nicos sin miedo\u201d, \u201cQu\u00e9 es comer sano\u201d, &#8220;\u00bfQu\u00e9 es la vida saludable?\u201d Y \u201cEcologismo real\u201d. Colaborador en varios podcasts y programas de radio, tambi\u00e9n es autor de la secci\u00f3n \u201cCiencia sin ficci\u00f3n\u201d en El Pa\u00eds Semanal, de &#8220;Fotogramas de Ciencias\u201d en la revista de divulgaci\u00f3n cient\u00edfica M\u00e8tode y del blog Tomatotes con genes.<\/p>\n<\/blockquote>\n<p><img loading=\"lazy\" decoding=\"async\" class=\"aligncenter wp-image-14557 size-large\" src=\"https:\/\/sct.webs.upv.es\/wp-content\/uploads\/2023\/05\/image004-1024x576.jpg\" alt=\"\" width=\"525\" height=\"295\" srcset=\"https:\/\/sct.webs.upv.es\/wp-content\/uploads\/2023\/05\/image004-1024x576.jpg 1024w, https:\/\/sct.webs.upv.es\/wp-content\/uploads\/2023\/05\/image004-300x169.jpg 300w, https:\/\/sct.webs.upv.es\/wp-content\/uploads\/2023\/05\/image004-768x432.jpg 768w, https:\/\/sct.webs.upv.es\/wp-content\/uploads\/2023\/05\/image004-18x10.jpg 18w, https:\/\/sct.webs.upv.es\/wp-content\/uploads\/2023\/05\/image004.jpg 1531w\" sizes=\"(max-width: 525px) 100vw, 525px\" \/><img loading=\"lazy\" decoding=\"async\" class=\"aligncenter wp-image-14559 size-large\" src=\"https:\/\/sct.webs.upv.es\/wp-content\/uploads\/2023\/05\/image002-1-1024x576.jpg\" alt=\"\" width=\"525\" height=\"295\" srcset=\"https:\/\/sct.webs.upv.es\/wp-content\/uploads\/2023\/05\/image002-1-1024x576.jpg 1024w, https:\/\/sct.webs.upv.es\/wp-content\/uploads\/2023\/05\/image002-1-300x169.jpg 300w, https:\/\/sct.webs.upv.es\/wp-content\/uploads\/2023\/05\/image002-1-768x432.jpg 768w, https:\/\/sct.webs.upv.es\/wp-content\/uploads\/2023\/05\/image002-1-1536x864.jpg 1536w, https:\/\/sct.webs.upv.es\/wp-content\/uploads\/2023\/05\/image002-1-18x10.jpg 18w, https:\/\/sct.webs.upv.es\/wp-content\/uploads\/2023\/05\/image002-1.jpg 1920w\" sizes=\"(max-width: 525px) 100vw, 525px\" \/><\/p>\n<p style=\"text-align: center;\"><a href=\"\/ca\/Programa%20Caf\u00e9s%20ConCiencia.pdf\/\">Descargar Folleto PDF<\/a><\/p>","protected":false},"excerpt":{"rendered":"<p>Y T\u00da, \u00bfTE LO CREES? Una de las consecuencias de las redes sociales ha sido la proliferaci\u00f3n de las llamadas \u201cfake\u00a0news\u201d que afectan tambi\u00e9n a la ciencia, aumentando el caso [&hellip;]<\/p>\n","protected":false},"author":1,"featured_media":14526,"template":"","meta":{"_acf_changed":false,"inline_featured_image":false,"_price":"","_stock":"","_tribe_ticket_header":"","_tribe_default_ticket_provider":"","_tribe_ticket_capacity":"0","_ticket_start_date":"","_ticket_end_date":"","_tribe_ticket_show_description":"","_tribe_ticket_show_not_going":false,"_tribe_ticket_use_global_stock":"","_tribe_ticket_global_stock_level":"","_global_stock_mode":"","_global_stock_cap":"","_tribe_rsvp_for_event":"","_tribe_ticket_going_count":"","_tribe_ticket_not_going_count":"","_tribe_tickets_list":"[]","_tribe_ticket_has_attendee_info_fields":false,"_tribe_events_status":"","_tribe_events_status_reason":"","footnotes":"","_tec_slr_enabled":"","_tec_slr_layout":""},"tags":[],"tribe_events_cat":[65,68,74],"class_list":["post-14520","tribe_events","type-tribe_events","status-publish","has-post-thumbnail","hentry","tribe_events_cat-charla-22-23","tribe_events_cat-conferencia-22-23","tribe_events_cat-semana-de-la-ciencia-22-23","cat_charla-22-23","cat_conferencia-22-23","cat_semana-de-la-ciencia-22-23"],"acf":[],"ticketed":false,"_links":{"self":[{"href":"https:\/\/sct.webs.upv.es\/ca\/wp-json\/wp\/v2\/tribe_events\/14520","targetHints":{"allow":["GET"]}}],"collection":[{"href":"https:\/\/sct.webs.upv.es\/ca\/wp-json\/wp\/v2\/tribe_events"}],"about":[{"href":"https:\/\/sct.webs.upv.es\/ca\/wp-json\/wp\/v2\/types\/tribe_events"}],"author":[{"embeddable":true,"href":"https:\/\/sct.webs.upv.es\/ca\/wp-json\/wp\/v2\/users\/1"}],"version-history":[{"count":15,"href":"https:\/\/sct.webs.upv.es\/ca\/wp-json\/wp\/v2\/tribe_events\/14520\/revisions"}],"predecessor-version":[{"id":14581,"href":"https:\/\/sct.webs.upv.es\/ca\/wp-json\/wp\/v2\/tribe_events\/14520\/revisions\/14581"}],"wp:featuredmedia":[{"embeddable":true,"href":"https:\/\/sct.webs.upv.es\/ca\/wp-json\/wp\/v2\/media\/14526"}],"wp:attachment":[{"href":"https:\/\/sct.webs.upv.es\/ca\/wp-json\/wp\/v2\/media?parent=14520"}],"wp:term":[{"taxonomy":"post_tag","embeddable":true,"href":"https:\/\/sct.webs.upv.es\/ca\/wp-json\/wp\/v2\/tags?post=14520"},{"taxonomy":"tribe_events_cat","embeddable":true,"href":"https:\/\/sct.webs.upv.es\/ca\/wp-json\/wp\/v2\/tribe_events_cat?post=14520"}],"curies":[{"name":"wp","href":"https:\/\/api.w.org\/{rel}","templated":true}]}}